{"id":61165,"date":"2023-08-17T12:30:59","date_gmt":"2023-08-17T18:30:59","guid":{"rendered":"http:\/\/10.100.20.231\/metrologia\/?page_id=61165"},"modified":"2023-08-17T17:12:02","modified_gmt":"2023-08-17T23:12:02","slug":"comite-consultivo-tecnico-del-cenam","status":"publish","type":"page","link":"http:\/\/10.100.20.231\/metrologia\/comite-consultivo-tecnico-del-cenam\/","title":{"rendered":"Comit\u00e9 Consultivo T\u00e9cnico del CENAM"},"content":{"rendered":"\n<div class=\"wp-container-2 wp-block-group alignfull barra contenido-principal max-dos-tercios informativa\" id=\"filtrable\"><div class=\"yoast-breadcrumbs\"><span><span><a href=\"https:\/\/platiica.economia.gob.mx\/metrologia\/\">Inicio<\/a><\/span> &gt; <span class=\"breadcrumb_last\" aria-current=\"page\">Comit\u00e9 Consultivo T\u00e9cnico del CENAM<\/span><\/span><\/div>\n\n\n<h1><strong><strong>Comit\u00e9 Consultivo T\u00e9cnico del CENAM<\/strong><\/strong><\/h1>\n\n\n\n<p>Con el prop\u00f3sito de alinear la realizaci\u00f3n de los proyectos del Centro con los objetivos del Programa Institucional del CENAM, se integr\u00f3 el Comit\u00e9 T\u00e9cnico Consultivo cuya tarea inicial es analizar los anteproyectos presentados por la comunidad y priorizar su atenci\u00f3n considerando la importancia estrat\u00e9gica de cada uno de ellos y los recursos tanto humanos como materiales que demandar\u00eda su atenci\u00f3n.&nbsp;<\/p>\n\n\n\n<p>En la 99\u00aa Sesi\u00f3n del Consejo Directivo del CENAM, dentro del informe de labores Oct-Dic 2016, el Director General inform\u00f3 sobre la constituci\u00f3n de este comit\u00e9.<\/p>\n\n\n\n<p>El Informe de labores se aprob\u00f3 mediante el acuerdo 6\/99\u00aa\/2017.<\/p>\n\n\n\n<p>El Comit\u00e9 T\u00e9cnico Consultivo del CENAM lo conforman:&nbsp;<\/p>\n\n\n\n<figure class=\"wp-block-table\"><table><tbody><tr><td><strong>Nombre<\/strong><\/td><td><strong>Direcci\u00f3n<\/strong><\/td><td><strong>Puesto<\/strong><\/td><td><strong>\u00c1rea<\/strong><\/td><td><strong>Correo Electr\u00f3nico<\/strong><\/td><\/tr><tr><td>Roberto Arias Romero<\/td><td>Direcci\u00f3n General de Metrolog\u00eda Mec\u00e1nica<\/td><td>Coordinador Cient\u00edfico<\/td><td>Direcci\u00f3n de Flujo y Volumen<\/td><td>rarias@cenam.mx<\/td><\/tr><tr><td>Jorge Cuauht\u00e9moc Torres Guzm\u00e1n<\/td><td>Direcci\u00f3n General de Metrolog\u00eda Mec\u00e1nica<\/td><td>Director de \u00e1rea<\/td><td>Direcci\u00f3n de Fuerza y Presi\u00f3n<\/td><td>jtorres@cenam.mx<\/td><\/tr><tr><td>Luis Omar Becerra Santiago<\/td><td>Direcci\u00f3n General de Metrolog\u00eda Mec\u00e1nica<\/td><td>Director de \u00e1rea<\/td><td>Direcci\u00f3n de Masa y Densidad<\/td><td>lbecerra@cenam.mx<\/td><\/tr><tr><td>Alfredo Arturo El\u00edas Ju\u00e1rez<\/td><td>Direcci\u00f3n General de Metrolog\u00eda F\u00edsica<\/td><td>Coordinador Cient\u00edfico<\/td><td>Direcci\u00f3n General de Metrolog\u00eda F\u00edsica<\/td><td>aelias@cenam.mx<\/td><\/tr><tr><td>H\u00e9ctor Alfonso Castillo Matadamas<\/td><td>Direcci\u00f3n General de Metrolog\u00eda F\u00edsica<\/td><td>Coordinador Cient\u00edfico<\/td><td>Direcci\u00f3n General de Metrolog\u00eda F\u00edsica<\/td><td>hcastill@cenam.mx<\/td><\/tr><tr><td>Vacante<\/td><td>Direcci\u00f3n General de Metrolog\u00eda El\u00e9ctrica<\/td><td><\/td><td><\/td><td><\/td><\/tr><tr><td>Eduardo de Carlos L\u00f3pez<\/td><td>Direcci\u00f3n General de Metrolog\u00eda El\u00e9ctrica<\/td><td>Director de \u00e1rea<\/td><td>Direcci\u00f3n de Tiempo y Frecuencia<\/td><td>edlopez@cenam.mx<\/td><\/tr><tr><td>Norma Gonz\u00e1lez Rojano<\/td><td>Direcci\u00f3n General de Metrolog\u00eda de Materiales<\/td><td>Coordinadora Cient\u00edfica<\/td><td>Direcci\u00f3n de Materiales de Referencia<\/td><td>ngonzale@cenam.mx<\/td><\/tr><tr><td>Melina P\u00e9rez Urquiza<\/td><td>Direcci\u00f3n General de Metrolog\u00eda de Materiales<\/td><td>Director General de \u00c1rea<\/td><td>Direcci\u00f3n General de Metrolog\u00eda de Materiales<\/td><td>meperez@cenam.mx<\/td><\/tr><tr><td>Mariana Arce Osuna<\/td><td>Direcci\u00f3n General de Metrolog\u00eda de Materiales<\/td><td>Directora de \u00e1rea<\/td><td>Direcci\u00f3n de An\u00e1lisis Org\u00e1nico<\/td><td>marce@cenam.mx<\/td><\/tr><tr><td>Arqu\u00edmedes Ru\u00edz Orozco<\/td><td>Direcci\u00f3n General<\/td><td>Director general<\/td><td>Direcci\u00f3n General<\/td><td>aruiz@cenam.mx<\/td><\/tr><tr><td>Jos\u00e9 Luis Garza Rodr\u00edguez<\/td><td>Direcci\u00f3n General de Administraci\u00f3n y Finanzas<\/td><td>Subdirector de \u00e1rea<\/td><td>Encargado de la Direcci\u00f3n de Finanzas<\/td><td>jgarza@cenam.mx<\/td><\/tr><tr><td>Francisco Javier Flamenco Sandoval<\/td><td>Direcci\u00f3n General de Servicios Tecnol\u00f3gicos<\/td><td>Director de \u00e1rea<\/td><td>Direcci\u00f3n de Inform\u00e1tica y Comunicaciones<\/td><td>fflamenc@cenam.mx<\/td><\/tr><tr><td>Hugo Gasca Arag\u00f3n<\/td><td>Direcci\u00f3n General<\/td><td>Coordinador Cient\u00edfico<\/td><td>Direcci\u00f3n General<\/td><td>hgasca@cenam.mx<\/td><\/tr><\/tbody><\/table><\/figure>\n\n\n\n<p><\/p>\n\n\n\n<div class=\"wp-container-1 wp-block-group adicional\">\n<p><strong>Te puede interesar:<\/strong><\/p>\n\n\n\n<p><a href=\"https:\/\/platiica.economia.gob.mx\/metrologia\/sistema-general-de-unidades-de-medida\/\">&gt; Sistema General de Unidades de Medida<\/a><\/p>\n\n\n\n<p><a href=\"https:\/\/platiica.economia.gob.mx\/metrologia\/materiales-de-referencia-certificados\/\">&gt; Materiales de referencia certificados<\/a><\/p>\n\n\n\n<p>&gt; <a href=\"https:\/\/www.sinec.gob.mx\/sinec\/aprobacionmodelo.pdf\">Instrumentos para medir que cuentan con aprobaci\u00f3n de Modelo<\/a><\/p>\n<\/div>\n<\/div>\n","protected":false},"excerpt":{"rendered":"<p>El Centro Nacional de Metrolog\u00eda lleva a cabo investigaci\u00f3n cient\u00edfica y desarrollo tecnol\u00f3gico en metrolog\u00eda y sus aplicaciones para contribuir al bienestar de la sociedad y al desarrollo econ\u00f3mico incluyente.<\/p>\n","protected":false},"author":5,"featured_media":0,"parent":0,"menu_order":0,"comment_status":"closed","ping_status":"closed","template":"","meta":{"_links_to":"","_links_to_target":""},"yoast_head":"<!-- This site is optimized with the Yoast SEO plugin v21.5 - https:\/\/yoast.com\/wordpress\/plugins\/seo\/ -->\n<title>Comit\u00e9 Consultivo T\u00e9cnico del CENAM - Sistema de metrolog\u00eda<\/title>\n<meta name=\"description\" content=\"Ent\u00e9rate acerca de las atribuciones del Centro Nacional de Metrolog\u00eda (CENAM) para la investigaci\u00f3n cient\u00edfica y el desarrollo tecnol\u00f3gico en metrolog\u00eda.\" \/>\n<meta name=\"robots\" content=\"index, follow, max-snippet:-1, max-image-preview:large, max-video-preview:-1\" \/>\n<link rel=\"canonical\" href=\"http:\/\/10.100.20.231\/metrologia\/comite-consultivo-tecnico-del-cenam\/\" \/>\n<meta property=\"og:locale\" content=\"es_MX\" \/>\n<meta property=\"og:type\" content=\"article\" \/>\n<meta property=\"og:title\" content=\"Comit\u00e9 Consultivo T\u00e9cnico del CENAM - Sistema de metrolog\u00eda\" \/>\n<meta property=\"og:description\" content=\"Ent\u00e9rate acerca de las atribuciones del Centro Nacional de Metrolog\u00eda (CENAM) para la investigaci\u00f3n cient\u00edfica y el desarrollo tecnol\u00f3gico en metrolog\u00eda.\" \/>\n<meta property=\"og:url\" content=\"http:\/\/10.100.20.231\/metrologia\/comite-consultivo-tecnico-del-cenam\/\" \/>\n<meta property=\"og:site_name\" content=\"Sistema de metrolog\u00eda\" \/>\n<meta property=\"article:modified_time\" content=\"2023-08-17T23:12:02+00:00\" \/>\n<meta property=\"og:image\" content=\"http:\/\/10.100.20.231\/metrologia\/wp-content\/uploads\/sites\/4\/2024\/05\/platiica-economia.jpg\" \/>\n\t<meta property=\"og:image:width\" content=\"1200\" \/>\n\t<meta property=\"og:image:height\" content=\"675\" \/>\n\t<meta property=\"og:image:type\" content=\"image\/jpeg\" \/>\n<meta name=\"twitter:card\" content=\"summary_large_image\" \/>\n<meta name=\"twitter:label1\" content=\"Tiempo de lectura\" \/>\n\t<meta name=\"twitter:data1\" content=\"2 minutos\" \/>\n<script type=\"application\/ld+json\" class=\"yoast-schema-graph\">{\"@context\":\"https:\/\/schema.org\",\"@graph\":[{\"@type\":\"WebPage\",\"@id\":\"http:\/\/10.100.20.231\/metrologia\/comite-consultivo-tecnico-del-cenam\/\",\"url\":\"http:\/\/10.100.20.231\/metrologia\/comite-consultivo-tecnico-del-cenam\/\",\"name\":\"Comit\u00e9 Consultivo T\u00e9cnico del CENAM - Sistema de metrolog\u00eda\",\"isPartOf\":{\"@id\":\"http:\/\/10.100.20.231\/metrologia\/#website\"},\"datePublished\":\"2023-08-17T18:30:59+00:00\",\"dateModified\":\"2023-08-17T23:12:02+00:00\",\"description\":\"Ent\u00e9rate acerca de las atribuciones del Centro Nacional de Metrolog\u00eda (CENAM) para la investigaci\u00f3n cient\u00edfica y el desarrollo tecnol\u00f3gico en metrolog\u00eda.\",\"breadcrumb\":{\"@id\":\"http:\/\/10.100.20.231\/metrologia\/comite-consultivo-tecnico-del-cenam\/#breadcrumb\"},\"inLanguage\":\"es-MX\",\"potentialAction\":[{\"@type\":\"ReadAction\",\"target\":[\"http:\/\/10.100.20.231\/metrologia\/comite-consultivo-tecnico-del-cenam\/\"]}]},{\"@type\":\"BreadcrumbList\",\"@id\":\"http:\/\/10.100.20.231\/metrologia\/comite-consultivo-tecnico-del-cenam\/#breadcrumb\",\"itemListElement\":[{\"@type\":\"ListItem\",\"position\":1,\"name\":\"Inicio\",\"item\":\"http:\/\/10.100.20.231\/metrologia\/\"},{\"@type\":\"ListItem\",\"position\":2,\"name\":\"Comit\u00e9 Consultivo T\u00e9cnico del CENAM\"}]},{\"@type\":\"WebSite\",\"@id\":\"http:\/\/10.100.20.231\/metrologia\/#website\",\"url\":\"http:\/\/10.100.20.231\/metrologia\/\",\"name\":\"Sistema de metrolog\u00eda\",\"description\":\"\",\"publisher\":{\"@id\":\"http:\/\/10.100.20.231\/metrologia\/#organization\"},\"potentialAction\":[{\"@type\":\"SearchAction\",\"target\":{\"@type\":\"EntryPoint\",\"urlTemplate\":\"http:\/\/10.100.20.231\/metrologia\/?s={search_term_string}\"},\"query-input\":\"required name=search_term_string\"}],\"inLanguage\":\"es-MX\"},{\"@type\":\"Organization\",\"@id\":\"http:\/\/10.100.20.231\/metrologia\/#organization\",\"name\":\"Sistema de metrolog\u00eda\",\"url\":\"http:\/\/10.100.20.231\/metrologia\/\",\"logo\":{\"@type\":\"ImageObject\",\"inLanguage\":\"es-MX\",\"@id\":\"http:\/\/10.100.20.231\/metrologia\/#\/schema\/logo\/image\/\",\"url\":\"http:\/\/10.100.20.231\/metrologia\/wp-content\/uploads\/sites\/4\/2021\/10\/logo-gobierno-mexico.svg\",\"contentUrl\":\"http:\/\/10.100.20.231\/metrologia\/wp-content\/uploads\/sites\/4\/2021\/10\/logo-gobierno-mexico.svg\",\"width\":123,\"height\":36,\"caption\":\"Sistema de metrolog\u00eda\"},\"image\":{\"@id\":\"http:\/\/10.100.20.231\/metrologia\/#\/schema\/logo\/image\/\"}}]}<\/script>\n<!-- \/ Yoast SEO plugin. -->","yoast_head_json":{"title":"Comit\u00e9 Consultivo T\u00e9cnico del CENAM - Sistema de metrolog\u00eda","description":"Ent\u00e9rate acerca de las atribuciones del Centro Nacional de Metrolog\u00eda (CENAM) para la investigaci\u00f3n cient\u00edfica y el desarrollo tecnol\u00f3gico en metrolog\u00eda.","robots":{"index":"index","follow":"follow","max-snippet":"max-snippet:-1","max-image-preview":"max-image-preview:large","max-video-preview":"max-video-preview:-1"},"canonical":"http:\/\/10.100.20.231\/metrologia\/comite-consultivo-tecnico-del-cenam\/","og_locale":"es_MX","og_type":"article","og_title":"Comit\u00e9 Consultivo T\u00e9cnico del CENAM - Sistema de metrolog\u00eda","og_description":"Ent\u00e9rate acerca de las atribuciones del Centro Nacional de Metrolog\u00eda (CENAM) para la investigaci\u00f3n cient\u00edfica y el desarrollo tecnol\u00f3gico en metrolog\u00eda.","og_url":"http:\/\/10.100.20.231\/metrologia\/comite-consultivo-tecnico-del-cenam\/","og_site_name":"Sistema de metrolog\u00eda","article_modified_time":"2023-08-17T23:12:02+00:00","og_image":[{"width":1200,"height":675,"url":"http:\/\/10.100.20.231\/metrologia\/wp-content\/uploads\/sites\/4\/2024\/05\/platiica-economia.jpg","type":"image\/jpeg"}],"twitter_card":"summary_large_image","twitter_misc":{"Tiempo de lectura":"2 minutos"},"schema":{"@context":"https:\/\/schema.org","@graph":[{"@type":"WebPage","@id":"http:\/\/10.100.20.231\/metrologia\/comite-consultivo-tecnico-del-cenam\/","url":"http:\/\/10.100.20.231\/metrologia\/comite-consultivo-tecnico-del-cenam\/","name":"Comit\u00e9 Consultivo T\u00e9cnico del CENAM - Sistema de metrolog\u00eda","isPartOf":{"@id":"http:\/\/10.100.20.231\/metrologia\/#website"},"datePublished":"2023-08-17T18:30:59+00:00","dateModified":"2023-08-17T23:12:02+00:00","description":"Ent\u00e9rate acerca de las atribuciones del Centro Nacional de Metrolog\u00eda (CENAM) para la investigaci\u00f3n cient\u00edfica y el desarrollo tecnol\u00f3gico en metrolog\u00eda.","breadcrumb":{"@id":"http:\/\/10.100.20.231\/metrologia\/comite-consultivo-tecnico-del-cenam\/#breadcrumb"},"inLanguage":"es-MX","potentialAction":[{"@type":"ReadAction","target":["http:\/\/10.100.20.231\/metrologia\/comite-consultivo-tecnico-del-cenam\/"]}]},{"@type":"BreadcrumbList","@id":"http:\/\/10.100.20.231\/metrologia\/comite-consultivo-tecnico-del-cenam\/#breadcrumb","itemListElement":[{"@type":"ListItem","position":1,"name":"Inicio","item":"http:\/\/10.100.20.231\/metrologia\/"},{"@type":"ListItem","position":2,"name":"Comit\u00e9 Consultivo T\u00e9cnico del CENAM"}]},{"@type":"WebSite","@id":"http:\/\/10.100.20.231\/metrologia\/#website","url":"http:\/\/10.100.20.231\/metrologia\/","name":"Sistema de metrolog\u00eda","description":"","publisher":{"@id":"http:\/\/10.100.20.231\/metrologia\/#organization"},"potentialAction":[{"@type":"SearchAction","target":{"@type":"EntryPoint","urlTemplate":"http:\/\/10.100.20.231\/metrologia\/?s={search_term_string}"},"query-input":"required name=search_term_string"}],"inLanguage":"es-MX"},{"@type":"Organization","@id":"http:\/\/10.100.20.231\/metrologia\/#organization","name":"Sistema de metrolog\u00eda","url":"http:\/\/10.100.20.231\/metrologia\/","logo":{"@type":"ImageObject","inLanguage":"es-MX","@id":"http:\/\/10.100.20.231\/metrologia\/#\/schema\/logo\/image\/","url":"http:\/\/10.100.20.231\/metrologia\/wp-content\/uploads\/sites\/4\/2021\/10\/logo-gobierno-mexico.svg","contentUrl":"http:\/\/10.100.20.231\/metrologia\/wp-content\/uploads\/sites\/4\/2021\/10\/logo-gobierno-mexico.svg","width":123,"height":36,"caption":"Sistema de metrolog\u00eda"},"image":{"@id":"http:\/\/10.100.20.231\/metrologia\/#\/schema\/logo\/image\/"}}]}},"_links":{"self":[{"href":"http:\/\/10.100.20.231\/metrologia\/wp-json\/wp\/v2\/pages\/61165"}],"collection":[{"href":"http:\/\/10.100.20.231\/metrologia\/wp-json\/wp\/v2\/pages"}],"about":[{"href":"http:\/\/10.100.20.231\/metrologia\/wp-json\/wp\/v2\/types\/page"}],"author":[{"embeddable":true,"href":"http:\/\/10.100.20.231\/metrologia\/wp-json\/wp\/v2\/users\/5"}],"replies":[{"embeddable":true,"href":"http:\/\/10.100.20.231\/metrologia\/wp-json\/wp\/v2\/comments?post=61165"}],"version-history":[{"count":0,"href":"http:\/\/10.100.20.231\/metrologia\/wp-json\/wp\/v2\/pages\/61165\/revisions"}],"wp:attachment":[{"href":"http:\/\/10.100.20.231\/metrologia\/wp-json\/wp\/v2\/media?parent=61165"}],"curies":[{"name":"wp","href":"https:\/\/api.w.org\/{rel}","templated":true}]}}